{"id":11199,"date":"2024-01-17T15:36:31","date_gmt":"2024-01-17T13:36:31","guid":{"rendered":"https:\/\/web-staging.gren.com\/est\/?page_id=11199"},"modified":"2026-04-07T10:16:34","modified_gmt":"2026-04-07T07:16:34","slug":"juhtimine","status":"publish","type":"page","link":"https:\/\/gren.com\/ee\/juhtimine\/","title":{"rendered":"Juhtimine"},"content":{"rendered":"<style type=\"text\/css\">.page-hero{padding:140px 0 30px;position:relative}.page-hero-content{max-width:300px}.page-hero h4,.page-hero p{font-size:16px;font-weight:400;line-height:24px}.page-hero .date{margin-top:24px;color:#fff;font-size:20px}.page-hero-video-wrap{position:absolute;top:0;left:0;width:100%;height:100%;z-index:-1;overflow:hidden}.page-hero-video{width:100%;height:100%;object-fit:cover}@media(min-width: 576px){.page-hero-content{max-width:850px}}@media(min-width: 992px){.page-hero{padding:210px 0 64px}.page-hero h4,.page-hero p{font-size:24px;line-height:30px}}\n\n\/*# sourceMappingURL=block-page-hero.min.css.map*\/<\/style><section id=\"page-hero-block_ed6003f9d4d24e9ec5fb5d16173b48ff\" class=\"block page-hero\" style=\"background: url(https:\/\/grenweb01.blob.core.windows.net\/gren-web-prod\/sites\/4\/2024\/01\/Gren-Still-02-16-9-V2-scaled-1.jpg) no-repeat center\/cover\">\n\t<div class=\"container\"  data-block-animate>\n\t\t\t\t\t<div class=\"page-hero-content text-wrap\"  data-animate-part>\n\t\t\t\t<h1><span class=\"TextRun SCXW66868141 BCX9\" lang=\"ET\" style=\"color: #18213b\" xml:lang=\"ET\" data-contrast=\"auto\"><span class=\"NormalTextRun SCXW66868141 BCX9\" data-ccp-parastyle=\"heading 1\">Juhtimine<\/span><\/span><span class=\"EOP SCXW66868141 BCX9\" data-ccp-props=\"{&quot;134245418&quot;:false,&quot;134245529&quot;:false,&quot;201341983&quot;:0,&quot;335559738&quot;:0,&quot;335559739&quot;:360,&quot;335559740&quot;:276}\">\u00a0<\/span><\/h1>\n<p>Meie eesm\u00e4rk on pakkuda tulevikuvaatega energialahendusi juba t\u00e4na.<\/p>\n<p>&nbsp;<\/p>\n\n                \t\t\t<\/div>\n\t\t\t<\/div>\n<\/section>\n\n<style type=\"text\/css\">.block.anchors .btn-wrap{display:flex;flex-wrap:wrap;gap:16px}\n\n\/*# sourceMappingURL=block-anchors.min.css.map*\/<\/style><section id=\"anchors-block_2345bab480c34527d65ad2ea617f3ffd\" class=\"block anchors\">\n\t<div class=\"container\" data-block-animate>\n                    <div class=\"btn-wrap\" data-animate-part>\n                                    <a href=\"https:\/\/gren.com\/ee\/juhtimine\/#juhatus\" type=\"button\" class=\"btn btn-secondary btn-anchor\">\n                        Grupi n\u00f5ukogu                    <\/a>\n                                    <a href=\"https:\/\/gren.com\/ee\/juhtimine\/#tegevjuhtkond\" type=\"button\" class=\"btn btn-secondary btn-anchor\">\n                        Grupi tegevjuhtkond                    <\/a>\n                            <\/div>\n        \t<\/div>\n<\/section>\n\n\n<style type=\"text\/css\">.block.team .text-wrap{margin-bottom:32px}.block.team .text-wrap h3{color:#18213b}.block.team .listing-wrap .team-card:not(:first-child){margin-top:24px}@media(min-width: 768px){.block.team .listing-wrap .team-card:not(:first-child){margin-top:48px}}.block.team .listing-wrap .show-more-btn{margin-top:48px;text-align:center}.block.team .listing-wrap .show-more-btn button{width:100%}@media(min-width: 768px){.block.team .listing-wrap .show-more-btn button{width:auto;min-width:356px}}.block.team .background-image{position:relative;padding-bottom:79%}@media(min-width: 992px){.block.team .background-image{padding-bottom:69%}}.block.team .background-image .image-link{position:absolute;top:0;left:0;width:100%;height:100%;background-repeat:no-repeat;background-size:cover;background-position:center}.block.team .team-card{display:flex;flex-wrap:wrap}.block.team .team-card.hide-row{display:none}@media(min-width: 992px){.block.team .team-card.hide-row{display:flex}}.block.team .team-card .btn-read-more .team-read-less{display:none}.block.team .team-card .btn-read-more.show-less .team-read-less{display:block}.block.team .team-card .btn-read-more.show-less .team-read-more{display:none}.block.team .team-card .col-card{width:50%}.block.team .team-card .col-card.col-content{padding:0 16px;display:flex;flex-basis:auto;flex-direction:column}.block.team .team-card .col-card.col-content h4{font-size:24px;margin-bottom:8px;color:#18213b}.block.team .team-card .col-card.col-content button{margin-top:16px}.block.team .team-card .col-card.col-content .description{margin-top:32px;max-height:96px;overflow:hidden}@media(min-width: 992px){.block.team .team-card .col-card.col-content .description{max-height:144px}}.block.team .team-card .col-card.col-content .description.show-all{max-height:100%;overflow:visible}.block.team .team-card .col-card.col-content .col-space-between{display:flex;flex-direction:column;justify-content:space-between;flex-basis:auto;height:100%}@media(min-width: 768px){.block.team .team-card .col-card.col-content .col-space-between{height:auto}}@media(min-width: 992px){.block.team .team-card .col-card.col-content{padding:64px 64px 0 64px}}.block.team .team-card .col-card-100{width:100%;margin-top:24px;order:3;padding:0 24px;display:none}.block.team .team-card:nth-child(even) .col-image{order:1}.block.team .team-card:nth-child(even) .col-content{order:0}.block.team .team-card.mobile-visible .col-card-100{display:block}\n\n\/*# sourceMappingURL=block-team.min.css.map*\/<\/style><section id=\"juhatus\" class=\"block team\">\n\t<div class=\"container\" data-block-animate>\n                    <div class=\"text-wrap\" data-animate-part>\n                <h3>Grupi n\u00f5ukogu<\/h3>\n            <\/div>\n                            <div class=\"listing-wrap\">\n                                    <div class=\"team-card\" data-animate-part>\n                        <div class=\"col-card col-image\">\n                                                            <div class=\"background-image\">\n                                    <div class=\"image-link\" style=\"background-image: url(https:\/\/grenweb01.blob.core.windows.net\/gren-web-prod\/sites\/4\/2024\/01\/dt_580x400x148_0002.jpg)\"><\/div>\n                                <\/div>\n                                                    <\/div>\n                        <div class=\"col-card col-content\">\n                            <div class=\"col-space-between\">\n                                <div class=\"info\">\n                                    <h4>Matti Viljo<\/h4>\n                                    <p>N\u00f5ukogu esimees<\/p>\n                                <\/div>\n                                <div class=\"d-md-none\">\n                                    <button class=\"btn-read-more mobile-read-more\">\n                                        <span class=\"team-read-more\">Loe edasi<\/span>\n                                        <span class=\"team-read-less\"><\/span>\n                                    <\/button>\n                                <\/div>\n                            <\/div>\n                            <div class=\"description d-none d-md-block\">\n                                <div class=\"description-content\">\n                                    <p>Matti Viljo on n\u00f5ustaja ja investor, kes olnud mitmes riigis avaliku ja erasektori ettev\u00f5tete juhatuses, nii energeetika-, IT-, tarkvara-, SaaS, k\u00fcberturbe- kui ka kiudoptikat\u00f6\u00f6stuses. Oma 35-aastase eduka karj\u00e4\u00e4ri jooksul on Matti kasvatanud ettev\u00f5tteid nii orgaaniliselt kui ka \u00fchinemiste ja \u00fclev\u00f5tmiste kaudu. Tema viimane juhtpositsioon oli aastatel 2013\u20132018 Adven Group tegevjuhina.<br \/>\nMatti karj\u00e4\u00e4r algas IBMis, kus ta t\u00f6\u00f6tas mitmel juhtival ametikohal Soomes, USAs ja Euroopas. Seej\u00e4rel oli ta kaheksa aastat Oracle Soome tegevjuht ja hiljem Euroopa, L\u00e4his-Ida ja Aafrika \u00e4rirakenduse asepresident.<br \/>\nTema viimased IT-alased ametikohad olid TietoEnatori asepresidendi ja Unisys Europe peadirektorina. Oma karj\u00e4\u00e4ri jooksul on Matti ellu kutsunud ka IBMi ja Oracle\u2019i kohalolu ja arendamise Baltikumis. Tal on Helsingi Majandusk\u00f5rgkooli majandusteaduste magistrikraad.<\/p>\n                                <\/div>\n                            <\/div>\n                            <div class=\"d-none d-md-block\">\n                                <button class=\"btn-read-more desktop-read-more d-none\">\n                                    <span class=\"team-read-more\">Loe edasi<\/span>\n                                    <span class=\"team-read-less\"><\/span>\n                                <\/button>\n                            <\/div>\n                        <\/div>\n                        <div class=\"col-card-100 col-mobile-description d-md-none\">\n                            <p>Matti Viljo on n\u00f5ustaja ja investor, kes olnud mitmes riigis avaliku ja erasektori ettev\u00f5tete juhatuses, nii energeetika-, IT-, tarkvara-, SaaS, k\u00fcberturbe- kui ka kiudoptikat\u00f6\u00f6stuses. Oma 35-aastase eduka karj\u00e4\u00e4ri jooksul on Matti kasvatanud ettev\u00f5tteid nii orgaaniliselt kui ka \u00fchinemiste ja \u00fclev\u00f5tmiste kaudu. Tema viimane juhtpositsioon oli aastatel 2013\u20132018 Adven Group tegevjuhina.<br \/>\nMatti karj\u00e4\u00e4r algas IBMis, kus ta t\u00f6\u00f6tas mitmel juhtival ametikohal Soomes, USAs ja Euroopas. Seej\u00e4rel oli ta kaheksa aastat Oracle Soome tegevjuht ja hiljem Euroopa, L\u00e4his-Ida ja Aafrika \u00e4rirakenduse asepresident.<br \/>\nTema viimased IT-alased ametikohad olid TietoEnatori asepresidendi ja Unisys Europe peadirektorina. Oma karj\u00e4\u00e4ri jooksul on Matti ellu kutsunud ka IBMi ja Oracle\u2019i kohalolu ja arendamise Baltikumis. Tal on Helsingi Majandusk\u00f5rgkooli majandusteaduste magistrikraad.<\/p>\n                        <\/div>\n                    <\/div>\n                                    <div class=\"team-card\" data-animate-part>\n                        <div class=\"col-card col-image\">\n                                                            <div class=\"background-image\">\n                                    <div class=\"image-link\" style=\"background-image: url(https:\/\/grenweb01.blob.core.windows.net\/gren-web-prod\/sites\/4\/2024\/01\/dt_580x400x148_0001.jpg)\"><\/div>\n                                <\/div>\n                                                    <\/div>\n                        <div class=\"col-card col-content\">\n                            <div class=\"col-space-between\">\n                                <div class=\"info\">\n                                    <h4>Dalius Misiunas<\/h4>\n                                    <p>N\u00f5ukogu liige<\/p>\n                                <\/div>\n                                <div class=\"d-md-none\">\n                                    <button class=\"btn-read-more mobile-read-more\">\n                                        <span class=\"team-read-more\">Loe edasi<\/span>\n                                        <span class=\"team-read-less\"><\/span>\n                                    <\/button>\n                                <\/div>\n                            <\/div>\n                            <div class=\"description d-none d-md-block\">\n                                <div class=\"description-content\">\n                                    <p>Dalius Misiunas on ISM Juhtimise ja Majanduse \u00dclikooli rektor. Daliusel on enam kui 15-aastane kogemus erinevates \u00e4riorganisatsioonides: SWECO, Ernst &amp; Young, Lietuvos Energija ja Maxima Group. Ta on ka Swedbank Leedu j\u00e4relevalven\u00f5ukogu s\u00f5ltumatu liige.<\/p>\n                                <\/div>\n                            <\/div>\n                            <div class=\"d-none d-md-block\">\n                                <button class=\"btn-read-more desktop-read-more d-none\">\n                                    <span class=\"team-read-more\">Loe edasi<\/span>\n                                    <span class=\"team-read-less\"><\/span>\n                                <\/button>\n                            <\/div>\n                        <\/div>\n                        <div class=\"col-card-100 col-mobile-description d-md-none\">\n                            <p>Dalius Misiunas on ISM Juhtimise ja Majanduse \u00dclikooli rektor. Daliusel on enam kui 15-aastane kogemus erinevates \u00e4riorganisatsioonides: SWECO, Ernst &amp; Young, Lietuvos Energija ja Maxima Group. Ta on ka Swedbank Leedu j\u00e4relevalven\u00f5ukogu s\u00f5ltumatu liige.<\/p>\n                        <\/div>\n                    <\/div>\n                                    <div class=\"team-card\" data-animate-part>\n                        <div class=\"col-card col-image\">\n                                                            <div class=\"background-image\">\n                                    <div class=\"image-link\" style=\"background-image: url(https:\/\/grenweb01.blob.core.windows.net\/gren-web-prod\/sites\/4\/2025\/10\/Albane.jpg)\"><\/div>\n                                <\/div>\n                                                    <\/div>\n                        <div class=\"col-card col-content\">\n                            <div class=\"col-space-between\">\n                                <div class=\"info\">\n                                    <h4>Albane Meynard<\/h4>\n                                    <p>N\u00f5ukogu liige<\/p>\n                                <\/div>\n                                <div class=\"d-md-none\">\n                                    <button class=\"btn-read-more mobile-read-more\">\n                                        <span class=\"team-read-more\">Loe edasi<\/span>\n                                        <span class=\"team-read-less\"><\/span>\n                                    <\/button>\n                                <\/div>\n                            <\/div>\n                            <div class=\"description d-none d-md-block\">\n                                <div class=\"description-content\">\n                                    <p>Albane Meynard on Partners Groupi Euroopa erasektori infrastruktuuri meeskonna liige, baseerudes Londonis. Ta on olnud vaatlejaliige CapeOmega ja Covage\u2019i juhatustes. Ta liitus Partners Groupiga 2018. aastal. Enne Partners Groupiga liitumist t\u00f6\u00f6tas ta infrastruktuuri omakapitali- ja v\u00f5lan\u00f5ustamise valdkonnas Edmond de Rothschildis ja Credit Agricole CIB-is ning kinnisvarameeskonnas Goldman Sachsis. Tal on magistrikraad rahanduses ESC Marseille\u2019st \/ Hong Kong Polytechnic Universityst ning MBA kraad Witwatersrandi \u00dclikoolist Johannesburgis, L\u00f5una-Aafrikas.<\/p>\n                                <\/div>\n                            <\/div>\n                            <div class=\"d-none d-md-block\">\n                                <button class=\"btn-read-more desktop-read-more d-none\">\n                                    <span class=\"team-read-more\">Loe edasi<\/span>\n                                    <span class=\"team-read-less\"><\/span>\n                                <\/button>\n                            <\/div>\n                        <\/div>\n                        <div class=\"col-card-100 col-mobile-description d-md-none\">\n                            <p>Albane Meynard on Partners Groupi Euroopa erasektori infrastruktuuri meeskonna liige, baseerudes Londonis. Ta on olnud vaatlejaliige CapeOmega ja Covage\u2019i juhatustes. Ta liitus Partners Groupiga 2018. aastal. Enne Partners Groupiga liitumist t\u00f6\u00f6tas ta infrastruktuuri omakapitali- ja v\u00f5lan\u00f5ustamise valdkonnas Edmond de Rothschildis ja Credit Agricole CIB-is ning kinnisvarameeskonnas Goldman Sachsis. Tal on magistrikraad rahanduses ESC Marseille\u2019st \/ Hong Kong Polytechnic Universityst ning MBA kraad Witwatersrandi \u00dclikoolist Johannesburgis, L\u00f5una-Aafrikas.<\/p>\n                        <\/div>\n                    <\/div>\n                                    <div class=\"team-card\" data-animate-part>\n                        <div class=\"col-card col-image\">\n                                                            <div class=\"background-image\">\n                                    <div class=\"image-link\" style=\"background-image: url(https:\/\/grenweb01.blob.core.windows.net\/gren-web-prod\/sites\/4\/2024\/01\/dt_580x400x148_0004-655f487954ed8.jpg)\"><\/div>\n                                <\/div>\n                                                    <\/div>\n                        <div class=\"col-card col-content\">\n                            <div class=\"col-space-between\">\n                                <div class=\"info\">\n                                    <h4>Nicholas Pepper<\/h4>\n                                    <p>N\u00f5ukogu liige<\/p>\n                                <\/div>\n                                <div class=\"d-md-none\">\n                                    <button class=\"btn-read-more mobile-read-more\">\n                                        <span class=\"team-read-more\">Loe edasi<\/span>\n                                        <span class=\"team-read-less\"><\/span>\n                                    <\/button>\n                                <\/div>\n                            <\/div>\n                            <div class=\"description d-none d-md-block\">\n                                <div class=\"description-content\">\n                                    <p>Nicholas Pepper kuulub Partners Group Euroopa erainfrastruktuuri tiimi Zugis. Ta on Telepassi juhatuse ja PG LIFE m\u00f5jukomitee liige ning olnud Partners Group&#8217;is 2015. aastast. Enne Partners Groupi&#8217;ga liitumist t\u00f6\u00f6tas Nicholas ettev\u00f5tetes Bamboo Capital Partners ja Phatisa. Tal on magistrikraad finatsarenduse alal L\u00f5una-Aafrikast, Kaplinna \u00dclikooli \u00c4rikoolist ja bakalaureuse kraad poliit\u00f6konoomikas Lausanne&#8217;i \u00dclikooli Ettev\u00f5tluse ja Majanduse teaduskonnast \u0160veitsis.<\/p>\n                                <\/div>\n                            <\/div>\n                            <div class=\"d-none d-md-block\">\n                                <button class=\"btn-read-more desktop-read-more d-none\">\n                                    <span class=\"team-read-more\">Loe edasi<\/span>\n                                    <span class=\"team-read-less\"><\/span>\n                                <\/button>\n                            <\/div>\n                        <\/div>\n                        <div class=\"col-card-100 col-mobile-description d-md-none\">\n                            <p>Nicholas Pepper kuulub Partners Group Euroopa erainfrastruktuuri tiimi Zugis. Ta on Telepassi juhatuse ja PG LIFE m\u00f5jukomitee liige ning olnud Partners Group&#8217;is 2015. aastast. Enne Partners Groupi&#8217;ga liitumist t\u00f6\u00f6tas Nicholas ettev\u00f5tetes Bamboo Capital Partners ja Phatisa. Tal on magistrikraad finatsarenduse alal L\u00f5una-Aafrikast, Kaplinna \u00dclikooli \u00c4rikoolist ja bakalaureuse kraad poliit\u00f6konoomikas Lausanne&#8217;i \u00dclikooli Ettev\u00f5tluse ja Majanduse teaduskonnast \u0160veitsis.<\/p>\n                        <\/div>\n                    <\/div>\n                                    <div class=\"team-card\" data-animate-part>\n                        <div class=\"col-card col-image\">\n                                                            <div class=\"background-image\">\n                                    <div class=\"image-link\" style=\"background-image: url(https:\/\/grenweb01.blob.core.windows.net\/gren-web-prod\/sites\/4\/2026\/03\/Claire-ONeill.jpg)\"><\/div>\n                                <\/div>\n                                                    <\/div>\n                        <div class=\"col-card col-content\">\n                            <div class=\"col-space-between\">\n                                <div class=\"info\">\n                                    <h4>Claire O\u2019Neill<\/h4>\n                                    <p>N\u00f5ukogu liige<\/p>\n                                <\/div>\n                                <div class=\"d-md-none\">\n                                    <button class=\"btn-read-more mobile-read-more\">\n                                        <span class=\"team-read-more\">Loe edasi<\/span>\n                                        <span class=\"team-read-less\"><\/span>\n                                    <\/button>\n                                <\/div>\n                            <\/div>\n                            <div class=\"description d-none d-md-block\">\n                                <div class=\"description-content\">\n                                    <p>Claire O\u2019Neill on \u00dchendkuningriigi endine energia- ja puhta majanduse minister, juhtides puhta majanduse ja rohelise rahanduse strateegiate v\u00e4ljat\u00f6\u00f6tamist. Samuti oli ta v\u00f5tmeisik riigi 2050. aasta kliimaneutraalsuse eesm\u00e4rgi kehtestamisel ning juhtis meeskonda, kes t\u00f5i COP26 kliimakonverentsi Glasgow\u2019sse. COP26 raames tegutses ta COP presidendina konverentsi ettevalmistusperioodil. Praegu on Claire Climate Impact X n\u00f5ukogu esimees ning s\u00f5ltumatu n\u00f5ukogu liige Oxy Petroleumis ja Singapuri b\u00f6rsil. Lisaks n\u00f5ustab ta Climate Investmenti ning McKinsey &amp; Companyt.<\/p>\n<p>Lisaks poliitilisele kogemusele toob Claire kaasa \u00fcle kahek\u00fcmne aasta pikkuse kogemuse rahvusvahelise finantsi, juhtimiskonsultatsiooni ja kliimajuhtimise valdkonnas, sealhulgas ametikohad Bank of Americas, McKinsey &amp; Companys, Credit Suisse&#8217;is ja \u00dclemaailmse S\u00e4\u00e4stva Arengu Ettev\u00f5tlusn\u00f5ukogus.<\/p>\n<p>Claire toetab Greni \u00dchendkuningriigi juhtkonda kasvu kiirendamisel, strateegia kujundamisel ning suhtluses valitsuste ja regulaatoritega. Greni eesm\u00e4rk on laiendada oma uue p\u00f5lvkonna energiainfrastruktuuri \u00e4ri \u2013 madala s\u00fcsinikuheitega kaugk\u00fcttev\u00f5rke, j\u00e4\u00e4tmetest energia tootmist ja tuleviku linnaenergialahendusi.<\/p>\n                                <\/div>\n                            <\/div>\n                            <div class=\"d-none d-md-block\">\n                                <button class=\"btn-read-more desktop-read-more d-none\">\n                                    <span class=\"team-read-more\">Loe edasi<\/span>\n                                    <span class=\"team-read-less\"><\/span>\n                                <\/button>\n                            <\/div>\n                        <\/div>\n                        <div class=\"col-card-100 col-mobile-description d-md-none\">\n                            <p>Claire O\u2019Neill on \u00dchendkuningriigi endine energia- ja puhta majanduse minister, juhtides puhta majanduse ja rohelise rahanduse strateegiate v\u00e4ljat\u00f6\u00f6tamist. Samuti oli ta v\u00f5tmeisik riigi 2050. aasta kliimaneutraalsuse eesm\u00e4rgi kehtestamisel ning juhtis meeskonda, kes t\u00f5i COP26 kliimakonverentsi Glasgow\u2019sse. COP26 raames tegutses ta COP presidendina konverentsi ettevalmistusperioodil. Praegu on Claire Climate Impact X n\u00f5ukogu esimees ning s\u00f5ltumatu n\u00f5ukogu liige Oxy Petroleumis ja Singapuri b\u00f6rsil. Lisaks n\u00f5ustab ta Climate Investmenti ning McKinsey &amp; Companyt.<\/p>\n<p>Lisaks poliitilisele kogemusele toob Claire kaasa \u00fcle kahek\u00fcmne aasta pikkuse kogemuse rahvusvahelise finantsi, juhtimiskonsultatsiooni ja kliimajuhtimise valdkonnas, sealhulgas ametikohad Bank of Americas, McKinsey &amp; Companys, Credit Suisse&#8217;is ja \u00dclemaailmse S\u00e4\u00e4stva Arengu Ettev\u00f5tlusn\u00f5ukogus.<\/p>\n<p>Claire toetab Greni \u00dchendkuningriigi juhtkonda kasvu kiirendamisel, strateegia kujundamisel ning suhtluses valitsuste ja regulaatoritega. Greni eesm\u00e4rk on laiendada oma uue p\u00f5lvkonna energiainfrastruktuuri \u00e4ri \u2013 madala s\u00fcsinikuheitega kaugk\u00fcttev\u00f5rke, j\u00e4\u00e4tmetest energia tootmist ja tuleviku linnaenergialahendusi.<\/p>\n                        <\/div>\n                    <\/div>\n                                                    <div class=\"show-more-btn d-lg-none\" data-animate-part>\n                        <button class=\"btn btn-secondary-outline\">\n                            Veel                        <\/button>\n                    <\/div>\n                            <\/div>\n        \t<\/div>\n<\/section>\n\n\n<section id=\"tegevjuhtkond\" class=\"block team\">\n\t<div class=\"container\" data-block-animate>\n                    <div class=\"text-wrap\" data-animate-part>\n                <h3>Grupi tegevjuhtkond<\/h3>\n            <\/div>\n                            <div class=\"listing-wrap\">\n                                    <div class=\"team-card\" data-animate-part>\n                        <div class=\"col-card col-image\">\n                                                            <div class=\"background-image\">\n                                    <div class=\"image-link\" style=\"background-image: url(https:\/\/grenweb01.blob.core.windows.net\/gren-web-prod\/sites\/4\/2025\/10\/Ilkka-Niiranen_1000x6-88px.jpg)\"><\/div>\n                                <\/div>\n                                                    <\/div>\n                        <div class=\"col-card col-content\">\n                            <div class=\"col-space-between\">\n                                <div class=\"info\">\n                                    <h4>Ilkka Niiranen<\/h4>\n                                    <p>Grupi tegevjuht<\/p>\n                                <\/div>\n                                <div class=\"d-md-none\">\n                                    <button class=\"btn-read-more mobile-read-more\">\n                                        <span class=\"team-read-more\">Loe edasi<\/span>\n                                        <span class=\"team-read-less\">Tagasi algusesse<\/span>\n                                    <\/button>\n                                <\/div>\n                            <\/div>\n                            <div class=\"description d-none d-md-block\">\n                                <div class=\"description-content\">\n                                    <p>Ilkka Niiranen on kogenud juht, kellel edukas kogemustepagas energeetika infrastruktuuri ja t\u00f6\u00f6stuslike energialahenduste valdkonnas. Enne Greniga liitumist t\u00f6\u00f6tas ta \u00fcle 10 aasta Adven Group\u2019is mitmel juhtival ametikohal, oli Adven Sweden &amp; Norway tegevjuhtimise ja \u00e4riarenduse asepresident ja tegevjuht. Ta on t\u00f6\u00f6tanud ka Fortum Corporation\u2019i ja E.On Euroopa ettev\u00f5tetes. Ilkkal on energiamajanduse ja -turgude magistrikraad Helsingi Tehnika\u00fclikoolist.<\/p>\n                                <\/div>\n                            <\/div>\n                            <div class=\"d-none d-md-block\">\n                                <button class=\"btn-read-more desktop-read-more d-none\">\n                                    <span class=\"team-read-more\">Loe edasi<\/span>\n                                    <span class=\"team-read-less\">Tagasi algusesse<\/span>\n                                <\/button>\n                            <\/div>\n                        <\/div>\n                        <div class=\"col-card-100 col-mobile-description d-md-none\">\n                            <p>Ilkka Niiranen on kogenud juht, kellel edukas kogemustepagas energeetika infrastruktuuri ja t\u00f6\u00f6stuslike energialahenduste valdkonnas. Enne Greniga liitumist t\u00f6\u00f6tas ta \u00fcle 10 aasta Adven Group\u2019is mitmel juhtival ametikohal, oli Adven Sweden &amp; Norway tegevjuhtimise ja \u00e4riarenduse asepresident ja tegevjuht. Ta on t\u00f6\u00f6tanud ka Fortum Corporation\u2019i ja E.On Euroopa ettev\u00f5tetes. Ilkkal on energiamajanduse ja -turgude magistrikraad Helsingi Tehnika\u00fclikoolist.<\/p>\n                        <\/div>\n                    <\/div>\n                                    <div class=\"team-card\" data-animate-part>\n                        <div class=\"col-card col-image\">\n                                                            <div class=\"background-image\">\n                                    <div class=\"image-link\" style=\"background-image: url(https:\/\/grenweb01.blob.core.windows.net\/gren-web-prod\/sites\/4\/2024\/01\/Mike-Reinolds.jpg)\"><\/div>\n                                <\/div>\n                                                    <\/div>\n                        <div class=\"col-card col-content\">\n                            <div class=\"col-space-between\">\n                                <div class=\"info\">\n                                    <h4>Mike Reynolds<\/h4>\n                                    <p>Gren Energy Ltd tegevjuht<\/p>\n                                <\/div>\n                                <div class=\"d-md-none\">\n                                    <button class=\"btn-read-more mobile-read-more\">\n                                        <span class=\"team-read-more\">Loe edasi<\/span>\n                                        <span class=\"team-read-less\">Tagasi algusesse<\/span>\n                                    <\/button>\n                                <\/div>\n                            <\/div>\n                            <div class=\"description d-none d-md-block\">\n                                <div class=\"description-content\">\n                                    <p>2023. aasta juunis sai Mike Reynolds Gren Energy Ltd tegevjuhiks. Selle aja jooksul on ta juhtinud ettev\u00f5tte sisenemist \u00dchendkuningriigi turule ning sealset varade ja partnerluste portfelli. Mike toob endaga kaasa 20-aastase tipptasemel t\u00f6\u00f6tamise kogemuse energia valdkonnast Euroopas ja P\u00f5hja-Ameerikas. Tal on kogemusi investeeringute juhtimises, uute toodete turule toomises, uutel turgudel ettev\u00f5tete loomises ja j\u00e4tkusuutliku kasvu saavutamises. Vattenfall Heat UK tegevdirektorina aastatel 2018\u20132023 j\u00e4lgis ta selle kasvu ideest t\u00f6\u00f6tava \u00e4rini. Varem t\u00f6\u00f6tas ta juhtivkohtadel SSE B2B energiateenuste alal ning juhtis Natural Capital Partners rahvusvahelist laienemist USA l\u00e4\u00e4nerannikul.<\/p>\n                                <\/div>\n                            <\/div>\n                            <div class=\"d-none d-md-block\">\n                                <button class=\"btn-read-more desktop-read-more d-none\">\n                                    <span class=\"team-read-more\">Loe edasi<\/span>\n                                    <span class=\"team-read-less\">Tagasi algusesse<\/span>\n                                <\/button>\n                            <\/div>\n                        <\/div>\n                        <div class=\"col-card-100 col-mobile-description d-md-none\">\n                            <p>2023. aasta juunis sai Mike Reynolds Gren Energy Ltd tegevjuhiks. Selle aja jooksul on ta juhtinud ettev\u00f5tte sisenemist \u00dchendkuningriigi turule ning sealset varade ja partnerluste portfelli. Mike toob endaga kaasa 20-aastase tipptasemel t\u00f6\u00f6tamise kogemuse energia valdkonnast Euroopas ja P\u00f5hja-Ameerikas. Tal on kogemusi investeeringute juhtimises, uute toodete turule toomises, uutel turgudel ettev\u00f5tete loomises ja j\u00e4tkusuutliku kasvu saavutamises. Vattenfall Heat UK tegevdirektorina aastatel 2018\u20132023 j\u00e4lgis ta selle kasvu ideest t\u00f6\u00f6tava \u00e4rini. Varem t\u00f6\u00f6tas ta juhtivkohtadel SSE B2B energiateenuste alal ning juhtis Natural Capital Partners rahvusvahelist laienemist USA l\u00e4\u00e4nerannikul.<\/p>\n                        <\/div>\n                    <\/div>\n                                    <div class=\"team-card\" data-animate-part>\n                        <div class=\"col-card col-image\">\n                                                            <div class=\"background-image\">\n                                    <div class=\"image-link\" style=\"background-image: url(https:\/\/grenweb01.blob.core.windows.net\/gren-web-prod\/sites\/4\/2026\/03\/Urmo-Heinam.jpg)\"><\/div>\n                                <\/div>\n                                                    <\/div>\n                        <div class=\"col-card col-content\">\n                            <div class=\"col-space-between\">\n                                <div class=\"info\">\n                                    <h4>Urmo Heinam<\/h4>\n                                    <p>Gren Baltikumi tegevjuht<\/p>\n                                <\/div>\n                                <div class=\"d-md-none\">\n                                    <button class=\"btn-read-more mobile-read-more\">\n                                        <span class=\"team-read-more\">Loe edasi<\/span>\n                                        <span class=\"team-read-less\">Tagasi algusesse<\/span>\n                                    <\/button>\n                                <\/div>\n                            <\/div>\n                            <div class=\"description d-none d-md-block\">\n                                <div class=\"description-content\">\n                                    <p>Urmo Heinamil on laialdased kogemused Baltikumi energiasektoris. Ta on olnud Greniga tihedalt seotud alates 2021. aasta juulist, mil ta m\u00e4\u00e4rati Greni n\u00f5ukogu liikmeks. T\u00e4na tegutseb Urmo Gren Baltikumi tegevjuhina.<\/p>\n<p>Urmo oli kuus aastat Adven Baltikumi tegevjuht, kus ta juhtis ettev\u00f5tte tegevust Eestis ja L\u00e4tis kuni 2020. aastani. Enne seda t\u00e4itis ta juhtivaid rolle Eesti Energias, kus ta vedas arendustegevusi, sealhulgas j\u00e4\u00e4tmep\u00f5letus- ja tuuleenergia projekte, ning Skanska EMV-s. Keskkonnatemaatika on olnud tema t\u00f6\u00f6s alati kesksel kohal. Tal on Tallinna Tehnika\u00fclikoolist (TalTech) magistrikraad keskkonnakorralduse ja -juhtimise erialal.<\/p>\n                                <\/div>\n                            <\/div>\n                            <div class=\"d-none d-md-block\">\n                                <button class=\"btn-read-more desktop-read-more d-none\">\n                                    <span class=\"team-read-more\">Loe edasi<\/span>\n                                    <span class=\"team-read-less\">Tagasi algusesse<\/span>\n                                <\/button>\n                            <\/div>\n                        <\/div>\n                        <div class=\"col-card-100 col-mobile-description d-md-none\">\n                            <p>Urmo Heinamil on laialdased kogemused Baltikumi energiasektoris. Ta on olnud Greniga tihedalt seotud alates 2021. aasta juulist, mil ta m\u00e4\u00e4rati Greni n\u00f5ukogu liikmeks. T\u00e4na tegutseb Urmo Gren Baltikumi tegevjuhina.<\/p>\n<p>Urmo oli kuus aastat Adven Baltikumi tegevjuht, kus ta juhtis ettev\u00f5tte tegevust Eestis ja L\u00e4tis kuni 2020. aastani. Enne seda t\u00e4itis ta juhtivaid rolle Eesti Energias, kus ta vedas arendustegevusi, sealhulgas j\u00e4\u00e4tmep\u00f5letus- ja tuuleenergia projekte, ning Skanska EMV-s. Keskkonnatemaatika on olnud tema t\u00f6\u00f6s alati kesksel kohal. Tal on Tallinna Tehnika\u00fclikoolist (TalTech) magistrikraad keskkonnakorralduse ja -juhtimise erialal.<\/p>\n                        <\/div>\n                    <\/div>\n                                    <div class=\"team-card\" data-animate-part>\n                        <div class=\"col-card col-image\">\n                                                            <div class=\"background-image\">\n                                    <div class=\"image-link\" style=\"background-image: url(https:\/\/grenweb01.blob.core.windows.net\/gren-web-prod\/sites\/4\/2025\/10\/Bernardo-Clementino_1000x688px.jpg)\"><\/div>\n                                <\/div>\n                                                    <\/div>\n                        <div class=\"col-card col-content\">\n                            <div class=\"col-space-between\">\n                                <div class=\"info\">\n                                    <h4>Bernardo Clementino<\/h4>\n                                    <p>Juhtkonna n\u00f5unik<\/p>\n                                <\/div>\n                                <div class=\"d-md-none\">\n                                    <button class=\"btn-read-more mobile-read-more\">\n                                        <span class=\"team-read-more\">Loe edasi<\/span>\n                                        <span class=\"team-read-less\">Tagasi algusesse<\/span>\n                                    <\/button>\n                                <\/div>\n                            <\/div>\n                            <div class=\"description d-none d-md-block\">\n                                <div class=\"description-content\">\n                                    <p data-start=\"47\" data-end=\"405\">Bernardo Clementino t\u00f6\u00f6tab tihedas koost\u00f6\u00f6s juhtkonnaga, et kujundada ja ellu viia ettev\u00f5tte strateegilisi eesm\u00e4rke. Ta juhib erinevaid ettev\u00f5tte\u00fclest koost\u00f6\u00f6d n\u00f5udvaid projekte, mis on seotud digitaalse arengu, \u00fchinemiste ja \u00fclev\u00f5tmiste (M&amp;A), uute teenuslahenduste arendamise ning t\u00f6\u00f6protsesside t\u00f5hustamisega.\u00a0Bernardol on \u00fcle 15 aasta kogemust juhtimiskonsultatsiooni ja ettev\u00f5tte strateegia valdkonnas. Ta on t\u00f6\u00f6tanud erinevates juhirollides Nordeas, Boston Consulting Groupis (BCG) ja EY-Parthenonis.\u00a0Tal on Aalto \u00dclikoolist strateegia magistrikraad ning Rio de Janeiro \u00fclikoolist t\u00f6\u00f6stusinseneri haridus.<\/p>\n                                <\/div>\n                            <\/div>\n                            <div class=\"d-none d-md-block\">\n                                <button class=\"btn-read-more desktop-read-more d-none\">\n                                    <span class=\"team-read-more\">Loe edasi<\/span>\n                                    <span class=\"team-read-less\">Tagasi algusesse<\/span>\n                                <\/button>\n                            <\/div>\n                        <\/div>\n                        <div class=\"col-card-100 col-mobile-description d-md-none\">\n                            <p data-start=\"47\" data-end=\"405\">Bernardo Clementino t\u00f6\u00f6tab tihedas koost\u00f6\u00f6s juhtkonnaga, et kujundada ja ellu viia ettev\u00f5tte strateegilisi eesm\u00e4rke. Ta juhib erinevaid ettev\u00f5tte\u00fclest koost\u00f6\u00f6d n\u00f5udvaid projekte, mis on seotud digitaalse arengu, \u00fchinemiste ja \u00fclev\u00f5tmiste (M&amp;A), uute teenuslahenduste arendamise ning t\u00f6\u00f6protsesside t\u00f5hustamisega.\u00a0Bernardol on \u00fcle 15 aasta kogemust juhtimiskonsultatsiooni ja ettev\u00f5tte strateegia valdkonnas. Ta on t\u00f6\u00f6tanud erinevates juhirollides Nordeas, Boston Consulting Groupis (BCG) ja EY-Parthenonis.\u00a0Tal on Aalto \u00dclikoolist strateegia magistrikraad ning Rio de Janeiro \u00fclikoolist t\u00f6\u00f6stusinseneri haridus.<\/p>\n                        <\/div>\n                    <\/div>\n                                    <div class=\"team-card\" data-animate-part>\n                        <div class=\"col-card col-image\">\n                                                            <div class=\"background-image\">\n                                    <div class=\"image-link\" style=\"background-image: url(https:\/\/grenweb01.blob.core.windows.net\/gren-web-prod\/sites\/4\/2025\/10\/Margo-Kulaots_1_1000x688px.jpg)\"><\/div>\n                                <\/div>\n                                                    <\/div>\n                        <div class=\"col-card col-content\">\n                            <div class=\"col-space-between\">\n                                <div class=\"info\">\n                                    <h4>Margo K\u00fclaots<\/h4>\n                                    <p>Eesti \u00e4ride juht <\/p>\n                                <\/div>\n                                <div class=\"d-md-none\">\n                                    <button class=\"btn-read-more mobile-read-more\">\n                                        <span class=\"team-read-more\">Loe edasi<\/span>\n                                        <span class=\"team-read-less\">Tagasi algusesse<\/span>\n                                    <\/button>\n                                <\/div>\n                            <\/div>\n                            <div class=\"description d-none d-md-block\">\n                                <div class=\"description-content\">\n                                    <p>Margo K\u00fclaotsal on pikaajaline ja mitmek\u00fclgne kogemus energiamajanduse valdkonnas. Greniga liitus ta Fortumi Eesti \u00e4ride juhi kohalt. Margo on olnud ka Eesti Gaasi ja EG V\u00f5rguteenuste n\u00f5ukogu liige ning Eesti Maa\u00fclikooli kuratooriumi liige. Margo karj\u00e4\u00e4r energiasektoris algas tegevjuhina aktsiaseltsis Tartu J\u00f5ujaam, mis vedas Tartu linna kaugk\u00fctte \u00fcleviimist fossiilsetest k\u00fctustelt kohalikele biok\u00fctustele ning vastutas biok\u00fctuste hanke ja logistika eest.\u00a0 Margo K\u00fclaots on omandanud majandusteaduste magistri kraadi Tartu \u00dclikoolis ning omab ka magistrikraadi Tallinna Tehnika\u00fclikooli IT teaduskonnast.<\/p>\n                                <\/div>\n                            <\/div>\n                            <div class=\"d-none d-md-block\">\n                                <button class=\"btn-read-more desktop-read-more d-none\">\n                                    <span class=\"team-read-more\">Loe edasi<\/span>\n                                    <span class=\"team-read-less\">Tagasi algusesse<\/span>\n                                <\/button>\n                            <\/div>\n                        <\/div>\n                        <div class=\"col-card-100 col-mobile-description d-md-none\">\n                            <p>Margo K\u00fclaotsal on pikaajaline ja mitmek\u00fclgne kogemus energiamajanduse valdkonnas. Greniga liitus ta Fortumi Eesti \u00e4ride juhi kohalt. Margo on olnud ka Eesti Gaasi ja EG V\u00f5rguteenuste n\u00f5ukogu liige ning Eesti Maa\u00fclikooli kuratooriumi liige. Margo karj\u00e4\u00e4r energiasektoris algas tegevjuhina aktsiaseltsis Tartu J\u00f5ujaam, mis vedas Tartu linna kaugk\u00fctte \u00fcleviimist fossiilsetest k\u00fctustelt kohalikele biok\u00fctustele ning vastutas biok\u00fctuste hanke ja logistika eest.\u00a0 Margo K\u00fclaots on omandanud majandusteaduste magistri kraadi Tartu \u00dclikoolis ning omab ka magistrikraadi Tallinna Tehnika\u00fclikooli IT teaduskonnast.<\/p>\n                        <\/div>\n                    <\/div>\n                                    <div class=\"team-card\" data-animate-part>\n                        <div class=\"col-card col-image\">\n                                                            <div class=\"background-image\">\n                                    <div class=\"image-link\" style=\"background-image: url(https:\/\/grenweb01.blob.core.windows.net\/gren-web-prod\/sites\/4\/2025\/10\/Andris-Vanags_1000x688px.jpg)\"><\/div>\n                                <\/div>\n                                                    <\/div>\n                        <div class=\"col-card col-content\">\n                            <div class=\"col-space-between\">\n                                <div class=\"info\">\n                                    <h4>Andris Vanags<\/h4>\n                                    <p>L\u00e4ti \u00e4ride juht<\/p>\n                                <\/div>\n                                <div class=\"d-md-none\">\n                                    <button class=\"btn-read-more mobile-read-more\">\n                                        <span class=\"team-read-more\">Loe edasi<\/span>\n                                        <span class=\"team-read-less\">Tagasi algusesse<\/span>\n                                    <\/button>\n                                <\/div>\n                            <\/div>\n                            <div class=\"description d-none d-md-block\">\n                                <div class=\"description-content\">\n                                    <p>Andris Vanags omab 20-aastast kogemust L\u00e4ti energeetika valdkonnas. Ta on osalenud koost\u00f6\u00f6s rahvusvaheliste ettev\u00f5tetega L\u00e4ti suurimate koostootmisjaamade ehitusprojektides ning tegelenud kaugk\u00fctte- ja t\u00f6\u00f6stustarbijate jaoks erinevate energia- ja veet\u00f6\u00f6tluslahendustega. Andris on aastaid t\u00f6\u00f6tanud Kaugk\u00fctteliidus n\u00f5ukogu liikmena. Ta on olnud L\u00e4ti Tuuleenergia Assotsiatsiooni mainekujundaja ja aidanud areneda organisatsioonil t\u00f6\u00f6stuse eestk\u00f5nelejaks. Andris on l\u00f5petanud Riia Tehnika\u00fclikooli ja tal on soojustehnika inseneri kvalifikatsioon.<\/p>\n                                <\/div>\n                            <\/div>\n                            <div class=\"d-none d-md-block\">\n                                <button class=\"btn-read-more desktop-read-more d-none\">\n                                    <span class=\"team-read-more\">Loe edasi<\/span>\n                                    <span class=\"team-read-less\">Tagasi algusesse<\/span>\n                                <\/button>\n                            <\/div>\n                        <\/div>\n                        <div class=\"col-card-100 col-mobile-description d-md-none\">\n                            <p>Andris Vanags omab 20-aastast kogemust L\u00e4ti energeetika valdkonnas. Ta on osalenud koost\u00f6\u00f6s rahvusvaheliste ettev\u00f5tetega L\u00e4ti suurimate koostootmisjaamade ehitusprojektides ning tegelenud kaugk\u00fctte- ja t\u00f6\u00f6stustarbijate jaoks erinevate energia- ja veet\u00f6\u00f6tluslahendustega. Andris on aastaid t\u00f6\u00f6tanud Kaugk\u00fctteliidus n\u00f5ukogu liikmena. Ta on olnud L\u00e4ti Tuuleenergia Assotsiatsiooni mainekujundaja ja aidanud areneda organisatsioonil t\u00f6\u00f6stuse eestk\u00f5nelejaks. Andris on l\u00f5petanud Riia Tehnika\u00fclikooli ja tal on soojustehnika inseneri kvalifikatsioon.<\/p>\n                        <\/div>\n                    <\/div>\n                                    <div class=\"team-card\" data-animate-part>\n                        <div class=\"col-card col-image\">\n                                                            <div class=\"background-image\">\n                                    <div class=\"image-link\" style=\"background-image: url(https:\/\/grenweb01.blob.core.windows.net\/gren-web-prod\/sites\/4\/2026\/03\/Paulius-Martinkus.jpg)\"><\/div>\n                                <\/div>\n                                                    <\/div>\n                        <div class=\"col-card col-content\">\n                            <div class=\"col-space-between\">\n                                <div class=\"info\">\n                                    <h4>Paulius Martinkus<\/h4>\n                                    <p>Leedu \u00e4ride juht<\/p>\n                                <\/div>\n                                <div class=\"d-md-none\">\n                                    <button class=\"btn-read-more mobile-read-more\">\n                                        <span class=\"team-read-more\">Loe edasi<\/span>\n                                        <span class=\"team-read-less\">Tagasi algusesse<\/span>\n                                    <\/button>\n                                <\/div>\n                            <\/div>\n                            <div class=\"description d-none d-md-block\">\n                                <div class=\"description-content\">\n                                    <p>Paulius Martinkus omab laialdasi kogemusi ettev\u00f5tte juhtimise ja strateegia valdkonnas, eelk\u00f5ige infrastruktuuri- ja reguleeritud sektorites. Ta on olnud sealhulgas Vilniuse piirkondliku j\u00e4\u00e4tmek\u00e4itluskeskuse tegevjuht, Vilniuse kaugk\u00fctteettev\u00f5tte strateegia- ja \u00e4riarendusdirektor, transpordi- ja kommunikatsiooni aseminister, riigi osalusega ettev\u00f5tete juhtimise koordinatsioonikeskuse juht ning Balti hea \u00fchingujuhtimise tava instituudi\u00a0president. Alates 2008. aastast on ta tegutsenud ka s\u00f5ltumatu n\u00f5ukogu liikmena paljudes era- ja riigiosalusega ettev\u00f5tetes. Paulius on omandanud \u00e4rijuhtimise magistrikraadi ISM Juhtimis- ja Majandus\u00fclikoolis.<\/p>\n                                <\/div>\n                            <\/div>\n                            <div class=\"d-none d-md-block\">\n                                <button class=\"btn-read-more desktop-read-more d-none\">\n                                    <span class=\"team-read-more\">Loe edasi<\/span>\n                                    <span class=\"team-read-less\">Tagasi algusesse<\/span>\n                                <\/button>\n                            <\/div>\n                        <\/div>\n                        <div class=\"col-card-100 col-mobile-description d-md-none\">\n                            <p>Paulius Martinkus omab laialdasi kogemusi ettev\u00f5tte juhtimise ja strateegia valdkonnas, eelk\u00f5ige infrastruktuuri- ja reguleeritud sektorites. Ta on olnud sealhulgas Vilniuse piirkondliku j\u00e4\u00e4tmek\u00e4itluskeskuse tegevjuht, Vilniuse kaugk\u00fctteettev\u00f5tte strateegia- ja \u00e4riarendusdirektor, transpordi- ja kommunikatsiooni aseminister, riigi osalusega ettev\u00f5tete juhtimise koordinatsioonikeskuse juht ning Balti hea \u00fchingujuhtimise tava instituudi\u00a0president. Alates 2008. aastast on ta tegutsenud ka s\u00f5ltumatu n\u00f5ukogu liikmena paljudes era- ja riigiosalusega ettev\u00f5tetes. Paulius on omandanud \u00e4rijuhtimise magistrikraadi ISM Juhtimis- ja Majandus\u00fclikoolis.<\/p>\n                        <\/div>\n                    <\/div>\n                                    <div class=\"team-card\" data-animate-part>\n                        <div class=\"col-card col-image\">\n                                                            <div class=\"background-image\">\n                                    <div class=\"image-link\" style=\"background-image: url(https:\/\/grenweb01.blob.core.windows.net\/gren-web-prod\/sites\/4\/2025\/10\/Kevin-Vaher_1000x688px.jpg)\"><\/div>\n                                <\/div>\n                                                    <\/div>\n                        <div class=\"col-card col-content\">\n                            <div class=\"col-space-between\">\n                                <div class=\"info\">\n                                    <h4>Kevin Vaher<\/h4>\n                                    <p>\u00c4rikasvu juht<\/p>\n                                <\/div>\n                                <div class=\"d-md-none\">\n                                    <button class=\"btn-read-more mobile-read-more\">\n                                        <span class=\"team-read-more\">Loe edasi<\/span>\n                                        <span class=\"team-read-less\">Tagasi algusesse<\/span>\n                                    <\/button>\n                                <\/div>\n                            <\/div>\n                            <div class=\"description d-none d-md-block\">\n                                <div class=\"description-content\">\n                                    <p>Kevin Vaheril on energeetika ja j\u00e4tkusuutlikkuse vallas tugev pikaajaline praktiline kogemus. Ta vastutab Gren Group\u2019i kasvu eest \u00fchinemiste ja omandamiste, t\u00f6\u00f6stuslike energiateenuste ja j\u00e4tkusuutlike \u00e4rivaldkondade vallas. Varem t\u00f6\u00f6tas Kevin Adven Group\u2019is uute \u00e4rivaldkondade direktorina, Baltikumi m\u00fc\u00fcgidirektori ja \u00e4riarendajana. Kevinil on magistrikraadid \u00e4rijuhtimises Estonian Business School\u2019ist ning k\u00fctte ja ventilatsiooni eriala Tallinna Tehnika\u00fclikoolist.<\/p>\n                                <\/div>\n                            <\/div>\n                            <div class=\"d-none d-md-block\">\n                                <button class=\"btn-read-more desktop-read-more d-none\">\n                                    <span class=\"team-read-more\">Loe edasi<\/span>\n                                    <span class=\"team-read-less\">Tagasi algusesse<\/span>\n                                <\/button>\n                            <\/div>\n                        <\/div>\n                        <div class=\"col-card-100 col-mobile-description d-md-none\">\n                            <p>Kevin Vaheril on energeetika ja j\u00e4tkusuutlikkuse vallas tugev pikaajaline praktiline kogemus. Ta vastutab Gren Group\u2019i kasvu eest \u00fchinemiste ja omandamiste, t\u00f6\u00f6stuslike energiateenuste ja j\u00e4tkusuutlike \u00e4rivaldkondade vallas. Varem t\u00f6\u00f6tas Kevin Adven Group\u2019is uute \u00e4rivaldkondade direktorina, Baltikumi m\u00fc\u00fcgidirektori ja \u00e4riarendajana. Kevinil on magistrikraadid \u00e4rijuhtimises Estonian Business School\u2019ist ning k\u00fctte ja ventilatsiooni eriala Tallinna Tehnika\u00fclikoolist.<\/p>\n                        <\/div>\n                    <\/div>\n                                    <div class=\"team-card\" data-animate-part>\n                        <div class=\"col-card col-image\">\n                                                            <div class=\"background-image\">\n                                    <div class=\"image-link\" style=\"background-image: url(https:\/\/grenweb01.blob.core.windows.net\/gren-web-prod\/sites\/4\/2025\/10\/Laura-Jauhiainen_1000x688px.jpg)\"><\/div>\n                                <\/div>\n                                                    <\/div>\n                        <div class=\"col-card col-content\">\n                            <div class=\"col-space-between\">\n                                <div class=\"info\">\n                                    <h4>Laura Jauhiainen<\/h4>\n                                    <p>Finantsjuht<\/p>\n                                <\/div>\n                                <div class=\"d-md-none\">\n                                    <button class=\"btn-read-more mobile-read-more\">\n                                        <span class=\"team-read-more\">Loe edasi<\/span>\n                                        <span class=\"team-read-less\">Tagasi algusesse<\/span>\n                                    <\/button>\n                                <\/div>\n                            <\/div>\n                            <div class=\"description d-none d-md-block\">\n                                <div class=\"description-content\">\n                                    <p>Laura Jauhiainen on mitmek\u00fclgne finantsjuht, kes on end t\u00f5estanud rahanduse, strateegia ja kommunikatsiooni valdkonnas. Laural on enam kui 15-aastane finantskogemus, energeetika- ja telekommunikatsiooni sektoris tegutsevates erakapitali omavates infrastruktuuri ettev\u00f5tetes. Aastate jooksul on ta t\u00f6\u00f6tanud strateegia ja investorite juhina b\u00f6rsil noteeritud kinnisvaraettev\u00f5ttes ning \u00fchinemiste ja \u00fclev\u00f5tmiste n\u00f5ustajana. Tal on magistrikraadid majandusteaduses Helsingi Majanduskoolist ja \u00e4rijuhtimises Aalto \u00dclikooli juhtide hariduse ja erialase arengu programmist.<\/p>\n                                <\/div>\n                            <\/div>\n                            <div class=\"d-none d-md-block\">\n                                <button class=\"btn-read-more desktop-read-more d-none\">\n                                    <span class=\"team-read-more\">Loe edasi<\/span>\n                                    <span class=\"team-read-less\">Tagasi algusesse<\/span>\n                                <\/button>\n                            <\/div>\n                        <\/div>\n                        <div class=\"col-card-100 col-mobile-description d-md-none\">\n                            <p>Laura Jauhiainen on mitmek\u00fclgne finantsjuht, kes on end t\u00f5estanud rahanduse, strateegia ja kommunikatsiooni valdkonnas. Laural on enam kui 15-aastane finantskogemus, energeetika- ja telekommunikatsiooni sektoris tegutsevates erakapitali omavates infrastruktuuri ettev\u00f5tetes. Aastate jooksul on ta t\u00f6\u00f6tanud strateegia ja investorite juhina b\u00f6rsil noteeritud kinnisvaraettev\u00f5ttes ning \u00fchinemiste ja \u00fclev\u00f5tmiste n\u00f5ustajana. Tal on magistrikraadid majandusteaduses Helsingi Majanduskoolist ja \u00e4rijuhtimises Aalto \u00dclikooli juhtide hariduse ja erialase arengu programmist.<\/p>\n                        <\/div>\n                    <\/div>\n                                    <div class=\"team-card\" data-animate-part>\n                        <div class=\"col-card col-image\">\n                                                            <div class=\"background-image\">\n                                    <div class=\"image-link\" style=\"background-image: url(https:\/\/grenweb01.blob.core.windows.net\/gren-web-prod\/sites\/4\/2025\/10\/Minna-Blomqvist_1000x688px.jpg)\"><\/div>\n                                <\/div>\n                                                    <\/div>\n                        <div class=\"col-card col-content\">\n                            <div class=\"col-space-between\">\n                                <div class=\"info\">\n                                    <h4>Minna Blomqvist<\/h4>\n                                    <p>Personalijuht<\/p>\n                                <\/div>\n                                <div class=\"d-md-none\">\n                                    <button class=\"btn-read-more mobile-read-more\">\n                                        <span class=\"team-read-more\">Loe edasi<\/span>\n                                        <span class=\"team-read-less\">Tagasi algusesse<\/span>\n                                    <\/button>\n                                <\/div>\n                            <\/div>\n                            <div class=\"description d-none d-md-block\">\n                                <div class=\"description-content\">\n                                    <p>Minna Blomqvist on kogenud juht, kellel on kirg muutuste ja pideva t\u00e4ienemise vastu. Minna arendas inimeste juhtimise tavasid ja toetas ettev\u00f5tte kasvu IQMi t\u00f6\u00f6keskkonna- ja personalijuhina. Lisaks vedas ta \u00fclemaailmset personali- ja kommunikatsioonitiimi Uponor Corporation&#8217;i personalivaldkonna asepresidendina.<\/p>\n<p>W\u00e4rtsil\u00e4 Corporation&#8217;i personalivaldkonna asepresidendina oli ta l\u00e4hedalt seotud energialahenduste osakonna strateegia v\u00e4ljat\u00f6\u00f6tamisega, mist\u00f5ttu on tal hea \u00fclevaade energiaturust ja \u00fcleminekust j\u00e4tkusuutlikumale energiatootmisele.<\/p>\n<p>Enne personalivaldkonna juhtpositsioone t\u00f6\u00f6tas Minna mitmes \u00e4rialases rollis ettev\u00f5tetes Nokia Siemens Networks, Nokia ja Andersen Consulting. Tal on Helsingi Tehnika\u00fclikooli inseneriteaduse magistrikraad.<\/p>\n                                <\/div>\n                            <\/div>\n                            <div class=\"d-none d-md-block\">\n                                <button class=\"btn-read-more desktop-read-more d-none\">\n                                    <span class=\"team-read-more\">Loe edasi<\/span>\n                                    <span class=\"team-read-less\">Tagasi algusesse<\/span>\n                                <\/button>\n                            <\/div>\n                        <\/div>\n                        <div class=\"col-card-100 col-mobile-description d-md-none\">\n                            <p>Minna Blomqvist on kogenud juht, kellel on kirg muutuste ja pideva t\u00e4ienemise vastu. Minna arendas inimeste juhtimise tavasid ja toetas ettev\u00f5tte kasvu IQMi t\u00f6\u00f6keskkonna- ja personalijuhina. Lisaks vedas ta \u00fclemaailmset personali- ja kommunikatsioonitiimi Uponor Corporation&#8217;i personalivaldkonna asepresidendina.<\/p>\n<p>W\u00e4rtsil\u00e4 Corporation&#8217;i personalivaldkonna asepresidendina oli ta l\u00e4hedalt seotud energialahenduste osakonna strateegia v\u00e4ljat\u00f6\u00f6tamisega, mist\u00f5ttu on tal hea \u00fclevaade energiaturust ja \u00fcleminekust j\u00e4tkusuutlikumale energiatootmisele.<\/p>\n<p>Enne personalivaldkonna juhtpositsioone t\u00f6\u00f6tas Minna mitmes \u00e4rialases rollis ettev\u00f5tetes Nokia Siemens Networks, Nokia ja Andersen Consulting. Tal on Helsingi Tehnika\u00fclikooli inseneriteaduse magistrikraad.<\/p>\n                        <\/div>\n                    <\/div>\n                                    <div class=\"team-card\" data-animate-part>\n                        <div class=\"col-card col-image\">\n                                                            <div class=\"background-image\">\n                                    <div class=\"image-link\" style=\"background-image: url(https:\/\/grenweb01.blob.core.windows.net\/gren-web-prod\/sites\/4\/2025\/10\/Reena-Kangur_1000x688px.jpg)\"><\/div>\n                                <\/div>\n                                                    <\/div>\n                        <div class=\"col-card col-content\">\n                            <div class=\"col-space-between\">\n                                <div class=\"info\">\n                                    <h4>Reena Kangur<\/h4>\n                                    <p>Peajurist<\/p>\n                                <\/div>\n                                <div class=\"d-md-none\">\n                                    <button class=\"btn-read-more mobile-read-more\">\n                                        <span class=\"team-read-more\">Loe edasi<\/span>\n                                        <span class=\"team-read-less\">Tagasi algusesse<\/span>\n                                    <\/button>\n                                <\/div>\n                            <\/div>\n                            <div class=\"description d-none d-md-block\">\n                                <div class=\"description-content\">\n                                    <p>Reena Kangur on kogenud jurist energeetikas. Tal on \u00e4ri\u00f5iguse, \u00fchinemiste ja \u00fclev\u00f5tmiste alased teadmised ning suurep\u00e4rane arusaam energiasektorist nii Baltikumis kui P\u00f5hjamaades. Varasemalt on ta t\u00f6\u00f6tanud Adven Group&#8217;is Baltikumi peajuristina ja Eesti Energia ASis, n\u00f5ustades peamiselt taastuv- ja j\u00e4\u00e4tmeenergia projekte. Reena on t\u00f6\u00f6tanud ka Tallinna \u00dclikooli \u00f5igusteaduse lektorina ning juhendanud mitmeid magistri- ja bakalaureuset\u00f6id. Reenal on Tallinna Tehnika\u00fclikooli \u00f5igusteaduse magister ning Tallinna \u00dclikooli magistrikraad avaliku halduse ja avaliku \u00f5iguse erialal (cum laude).<\/p>\n                                <\/div>\n                            <\/div>\n                            <div class=\"d-none d-md-block\">\n                                <button class=\"btn-read-more desktop-read-more d-none\">\n                                    <span class=\"team-read-more\">Loe edasi<\/span>\n                                    <span class=\"team-read-less\">Tagasi algusesse<\/span>\n                                <\/button>\n                            <\/div>\n                        <\/div>\n                        <div class=\"col-card-100 col-mobile-description d-md-none\">\n                            <p>Reena Kangur on kogenud jurist energeetikas. Tal on \u00e4ri\u00f5iguse, \u00fchinemiste ja \u00fclev\u00f5tmiste alased teadmised ning suurep\u00e4rane arusaam energiasektorist nii Baltikumis kui P\u00f5hjamaades. Varasemalt on ta t\u00f6\u00f6tanud Adven Group&#8217;is Baltikumi peajuristina ja Eesti Energia ASis, n\u00f5ustades peamiselt taastuv- ja j\u00e4\u00e4tmeenergia projekte. Reena on t\u00f6\u00f6tanud ka Tallinna \u00dclikooli \u00f5igusteaduse lektorina ning juhendanud mitmeid magistri- ja bakalaureuset\u00f6id. Reenal on Tallinna Tehnika\u00fclikooli \u00f5igusteaduse magister ning Tallinna \u00dclikooli magistrikraad avaliku halduse ja avaliku \u00f5iguse erialal (cum laude).<\/p>\n                        <\/div>\n                    <\/div>\n                                    <div class=\"team-card\" data-animate-part>\n                        <div class=\"col-card col-image\">\n                                                            <div class=\"background-image\">\n                                    <div class=\"image-link\" style=\"background-image: url(https:\/\/grenweb01.blob.core.windows.net\/gren-web-prod\/sites\/4\/2025\/10\/Tomas-Miskunas_1000x688px.jpg)\"><\/div>\n                                <\/div>\n                                                    <\/div>\n                        <div class=\"col-card col-content\">\n                            <div class=\"col-space-between\">\n                                <div class=\"info\">\n                                    <h4>Tomas Mi\u0161k\u016bnas <\/h4>\n                                    <p>\u00c4riinfotehnoloogiajuht<\/p>\n                                <\/div>\n                                <div class=\"d-md-none\">\n                                    <button class=\"btn-read-more mobile-read-more\">\n                                        <span class=\"team-read-more\">Loe edasi<\/span>\n                                        <span class=\"team-read-less\">Tagasi algusesse<\/span>\n                                    <\/button>\n                                <\/div>\n                            <\/div>\n                            <div class=\"description d-none d-md-block\">\n                                <div class=\"description-content\">\n                                    <p>Tomas Mi\u0161k\u016bnas on spetsialiseerunud keeruliste infotehnoloogiliste muutuste juhtimisele rahvusvahelistes suurettev\u00f5tetes. Rohkem kui 15 aastat IT-, kindlustus-, pangandus-, telekommunikatsiooni- ja energeetika valdkonnas t\u00f6\u00f6tanud Tomas aitab organisatsioonil saavutada strateegilisi eesm\u00e4rke. Tal on p\u00f5hjalikud kogemused rahvusvahelises sf\u00e4\u00e4ris Aasias, USAs, Kesk-Euroopas ja P\u00f5hjamaades. Greniga liitus ta Balti energiakontsernist, kus juhtis IT-arenduse strateegilise \u00fcmberkujundamise tiimi ja IS-arenduse tippkeskuse loomist Tomas on omandanud Vilniuse \u00dclikooli rakendusteaduste bakalaureusekraadi.<\/p>\n                                <\/div>\n                            <\/div>\n                            <div class=\"d-none d-md-block\">\n                                <button class=\"btn-read-more desktop-read-more d-none\">\n                                    <span class=\"team-read-more\">Loe edasi<\/span>\n                                    <span class=\"team-read-less\">Tagasi algusesse<\/span>\n                                <\/button>\n                            <\/div>\n                        <\/div>\n                        <div class=\"col-card-100 col-mobile-description d-md-none\">\n                            <p>Tomas Mi\u0161k\u016bnas on spetsialiseerunud keeruliste infotehnoloogiliste muutuste juhtimisele rahvusvahelistes suurettev\u00f5tetes. Rohkem kui 15 aastat IT-, kindlustus-, pangandus-, telekommunikatsiooni- ja energeetika valdkonnas t\u00f6\u00f6tanud Tomas aitab organisatsioonil saavutada strateegilisi eesm\u00e4rke. Tal on p\u00f5hjalikud kogemused rahvusvahelises sf\u00e4\u00e4ris Aasias, USAs, Kesk-Euroopas ja P\u00f5hjamaades. Greniga liitus ta Balti energiakontsernist, kus juhtis IT-arenduse strateegilise \u00fcmberkujundamise tiimi ja IS-arenduse tippkeskuse loomist Tomas on omandanud Vilniuse \u00dclikooli rakendusteaduste bakalaureusekraadi.<\/p>\n                        <\/div>\n                    <\/div>\n                                                    <div class=\"show-more-btn d-lg-none\" data-animate-part>\n                        <button class=\"btn btn-secondary-outline\">\n                            Veel                        <\/button>\n                    <\/div>\n                            <\/div>\n        \t<\/div>\n<\/section>\n\n\n\n\n<style type=\"text\/css\">.block.files .listing-container{margin-top:38px}.block.files .listing-container .listing-wrap{display:flex;flex-wrap:wrap;width:calc(100% + 8px);margin-top:-8px;margin-bottom:-8px}.block.files .listing-container .listing-wrap .listing-col{flex-basis:auto;padding-right:8px;margin-bottom:8px}.block.files .listing-container .listing-wrap .listing-col.show-on-click{display:none}@media(min-width: 992px){.block.files .listing-container .listing-wrap .listing-col.show-on-click{display:block}}.block.files .listing-container .btn-container{margin-top:32px}.block.files .listing-container .btn-container button{width:100%}.block.files .file-card{display:flex;justify-content:space-between;align-items:center;flex-basis:auto;border-radius:8px;padding:16px;background:#f8f8f8;gap:16px;height:100%}.block.files .file-card .file-links{display:flex;flex-wrap:wrap;align-items:center;justify-content:flex-end;max-width:150px;gap:16px}@media(min-width: 576px){.block.files .file-card .file-links{max-width:200px}}.block.files .file-card .file-links a{display:flex;align-items:center}.block.files .file-card .file-links a img{height:32px;width:auto}.block.files .file-card .file-links a span{margin-left:8px}@media(min-width: 992px){.block.files .file-card .file-links a:hover img{filter:invert(67%) sepia(89%) saturate(7492%) hue-rotate(346deg) brightness(84%) contrast(146%)}}\n\n\/*# sourceMappingURL=block-files.min.css.map*\/<\/style><section id=\"files-block_3f2562cd16edb52559ea2d86f27a0741\" class=\"block files\">\n\t<div class=\"container\" data-block-animate>\n        <div class=\"text-wrap\" data-animate-part>\n            <h3>Meie k\u00e4itumiskoodeksid<\/h3>\n        <\/div>\n\n        <div class=\"listing-container\" data-animate-part>\n            <div class=\"row g-0 listing-wrap\">\n                \n                    \n                        <div class=\"col-12 col-lg-6 col-xl-4 listing-col \">\n                            <div class=\"file-card\">\n                                <p class=\"col\"><b>Laadi alla meie k\u00e4itumiskoodeks<\/b><\/p>\n                                <div class=\"file-links\">\n                                                                                                                    <a href=\"https:\/\/grenweb01.blob.core.windows.net\/gren-web-prod\/sites\/4\/2026\/04\/Gren-Code-of-Conduct-2024-EST.pdf\" target=\"_blank\">\n                                            <img decoding=\"async\" src=\"https:\/\/grenweb01.blob.core.windows.net\/gren-web-prod\/2023\/11\/Group-47.svg\" alt=\"Icon of PFD file\" height=\"32\" loading=\"lazy\">\n                                            <span>.pdf<\/span>\n                                        <\/a>\n                                                                    <\/div>\n\n                            <\/div>\n                        <\/div>\n\n                    \n                        <div class=\"col-12 col-lg-6 col-xl-4 listing-col \">\n                            <div class=\"file-card\">\n                                <p class=\"col\"><b>Laadi alla meie tarnijate k\u00e4itumiskoodeks<\/b><\/p>\n                                <div class=\"file-links\">\n                                                                                                                    <a href=\"https:\/\/grenweb01.blob.core.windows.net\/gren-web-prod\/sites\/4\/2026\/04\/Greni-tarnija-kaitumiskoodeks.pdf\" target=\"_blank\">\n                                            <img decoding=\"async\" src=\"https:\/\/grenweb01.blob.core.windows.net\/gren-web-prod\/2023\/11\/Group-47.svg\" alt=\"Icon of PFD file\" height=\"32\" loading=\"lazy\">\n                                            <span>.pdf<\/span>\n                                        <\/a>\n                                                                    <\/div>\n\n                            <\/div>\n                        <\/div>\n\n                    \n                \n            <\/div>\n\n            \n        <\/div>\n\t<\/div>\n<\/section>\n","protected":false},"excerpt":{"rendered":"","protected":false},"author":6,"featured_media":0,"parent":0,"menu_order":0,"comment_status":"closed","ping_status":"closed","template":"","meta":{"_acf_changed":false,"footnotes":""},"class_list":["post-11199","page","type-page","status-publish","hentry"],"acf":[],"yoast_head":"<!-- This site is optimized with the Yoast SEO plugin v26.8 - https:\/\/yoast.com\/product\/yoast-seo-wordpress\/ -->\n<title>Juhtimine - Gren Eesti<\/title>\n<meta name=\"description\" content=\"Selleks pakume ja tarnime energialahendusi eraisikutele, \u00e4ridele ja omavalitsustele. Arvestame \u00fchise tuleviku ja tulevaste p\u00f5lvkondadega.\" \/>\n<meta name=\"robots\" content=\"index, follow, max-snippet:-1, max-image-preview:large, max-video-preview:-1\" \/>\n<link rel=\"canonical\" href=\"https:\/\/gren.com\/ee\/juhtimine\/\" \/>\n<meta property=\"og:locale\" content=\"en_US\" \/>\n<meta property=\"og:type\" content=\"article\" \/>\n<meta property=\"og:title\" content=\"Juhtimine - Gren Eesti\" \/>\n<meta property=\"og:description\" content=\"Selleks pakume ja tarnime energialahendusi eraisikutele, \u00e4ridele ja omavalitsustele. Arvestame \u00fchise tuleviku ja tulevaste p\u00f5lvkondadega.\" \/>\n<meta property=\"og:url\" content=\"https:\/\/gren.com\/ee\/juhtimine\/\" \/>\n<meta property=\"og:site_name\" content=\"Gren Eesti\" \/>\n<meta property=\"article:modified_time\" content=\"2026-04-07T07:16:34+00:00\" \/>\n<meta name=\"twitter:card\" content=\"summary_large_image\" \/>\n<meta name=\"twitter:label1\" content=\"Est. reading time\" \/>\n\t<meta name=\"twitter:data1\" content=\"13 minutes\" \/>\n<script type=\"application\/ld+json\" class=\"yoast-schema-graph\">{\"@context\":\"https:\/\/schema.org\",\"@graph\":[{\"@type\":\"WebPage\",\"@id\":\"https:\/\/gren.com\/ee\/juhtimine\/\",\"url\":\"https:\/\/gren.com\/ee\/juhtimine\/\",\"name\":\"Juhtimine - Gren Eesti\",\"isPartOf\":{\"@id\":\"https:\/\/gren.com\/ee\/#website\"},\"datePublished\":\"2024-01-17T13:36:31+00:00\",\"dateModified\":\"2026-04-07T07:16:34+00:00\",\"description\":\"Selleks pakume ja tarnime energialahendusi eraisikutele, \u00e4ridele ja omavalitsustele. Arvestame \u00fchise tuleviku ja tulevaste p\u00f5lvkondadega.\",\"breadcrumb\":{\"@id\":\"https:\/\/gren.com\/ee\/juhtimine\/#breadcrumb\"},\"inLanguage\":\"en-US\",\"potentialAction\":[{\"@type\":\"ReadAction\",\"target\":[\"https:\/\/gren.com\/ee\/juhtimine\/\"]}]},{\"@type\":\"BreadcrumbList\",\"@id\":\"https:\/\/gren.com\/ee\/juhtimine\/#breadcrumb\",\"itemListElement\":[{\"@type\":\"ListItem\",\"position\":1,\"name\":\"Home\",\"item\":\"https:\/\/gren.com\/ee\/\"},{\"@type\":\"ListItem\",\"position\":2,\"name\":\"Juhtimine\"}]},{\"@type\":\"WebSite\",\"@id\":\"https:\/\/gren.com\/ee\/#website\",\"url\":\"https:\/\/gren.com\/ee\/\",\"name\":\"Gren Eesti\",\"description\":\"Me oleme rohelise energia ettev\u00f5te\",\"potentialAction\":[{\"@type\":\"SearchAction\",\"target\":{\"@type\":\"EntryPoint\",\"urlTemplate\":\"https:\/\/gren.com\/ee\/?s={search_term_string}\"},\"query-input\":{\"@type\":\"PropertyValueSpecification\",\"valueRequired\":true,\"valueName\":\"search_term_string\"}}],\"inLanguage\":\"en-US\"}]}<\/script>\n<!-- \/ Yoast SEO plugin. -->","yoast_head_json":{"title":"Juhtimine - Gren Eesti","description":"Selleks pakume ja tarnime energialahendusi eraisikutele, \u00e4ridele ja omavalitsustele. Arvestame \u00fchise tuleviku ja tulevaste p\u00f5lvkondadega.","robots":{"index":"index","follow":"follow","max-snippet":"max-snippet:-1","max-image-preview":"max-image-preview:large","max-video-preview":"max-video-preview:-1"},"canonical":"https:\/\/gren.com\/ee\/juhtimine\/","og_locale":"en_US","og_type":"article","og_title":"Juhtimine - Gren Eesti","og_description":"Selleks pakume ja tarnime energialahendusi eraisikutele, \u00e4ridele ja omavalitsustele. Arvestame \u00fchise tuleviku ja tulevaste p\u00f5lvkondadega.","og_url":"https:\/\/gren.com\/ee\/juhtimine\/","og_site_name":"Gren Eesti","article_modified_time":"2026-04-07T07:16:34+00:00","twitter_card":"summary_large_image","twitter_misc":{"Est. reading time":"13 minutes"},"schema":{"@context":"https:\/\/schema.org","@graph":[{"@type":"WebPage","@id":"https:\/\/gren.com\/ee\/juhtimine\/","url":"https:\/\/gren.com\/ee\/juhtimine\/","name":"Juhtimine - Gren Eesti","isPartOf":{"@id":"https:\/\/gren.com\/ee\/#website"},"datePublished":"2024-01-17T13:36:31+00:00","dateModified":"2026-04-07T07:16:34+00:00","description":"Selleks pakume ja tarnime energialahendusi eraisikutele, \u00e4ridele ja omavalitsustele. Arvestame \u00fchise tuleviku ja tulevaste p\u00f5lvkondadega.","breadcrumb":{"@id":"https:\/\/gren.com\/ee\/juhtimine\/#breadcrumb"},"inLanguage":"en-US","potentialAction":[{"@type":"ReadAction","target":["https:\/\/gren.com\/ee\/juhtimine\/"]}]},{"@type":"BreadcrumbList","@id":"https:\/\/gren.com\/ee\/juhtimine\/#breadcrumb","itemListElement":[{"@type":"ListItem","position":1,"name":"Home","item":"https:\/\/gren.com\/ee\/"},{"@type":"ListItem","position":2,"name":"Juhtimine"}]},{"@type":"WebSite","@id":"https:\/\/gren.com\/ee\/#website","url":"https:\/\/gren.com\/ee\/","name":"Gren Eesti","description":"Me oleme rohelise energia ettev\u00f5te","potentialAction":[{"@type":"SearchAction","target":{"@type":"EntryPoint","urlTemplate":"https:\/\/gren.com\/ee\/?s={search_term_string}"},"query-input":{"@type":"PropertyValueSpecification","valueRequired":true,"valueName":"search_term_string"}}],"inLanguage":"en-US"}]}},"_links":{"self":[{"href":"https:\/\/gren.com\/ee\/wp-json\/wp\/v2\/pages\/11199","targetHints":{"allow":["GET"]}}],"collection":[{"href":"https:\/\/gren.com\/ee\/wp-json\/wp\/v2\/pages"}],"about":[{"href":"https:\/\/gren.com\/ee\/wp-json\/wp\/v2\/types\/page"}],"author":[{"embeddable":true,"href":"https:\/\/gren.com\/ee\/wp-json\/wp\/v2\/users\/6"}],"replies":[{"embeddable":true,"href":"https:\/\/gren.com\/ee\/wp-json\/wp\/v2\/comments?post=11199"}],"version-history":[{"count":141,"href":"https:\/\/gren.com\/ee\/wp-json\/wp\/v2\/pages\/11199\/revisions"}],"predecessor-version":[{"id":17148,"href":"https:\/\/gren.com\/ee\/wp-json\/wp\/v2\/pages\/11199\/revisions\/17148"}],"wp:attachment":[{"href":"https:\/\/gren.com\/ee\/wp-json\/wp\/v2\/media?parent=11199"}],"curies":[{"name":"wp","href":"https:\/\/api.w.org\/{rel}","templated":true}]}}